{"id":11,"date":"2021-03-09T10:32:48","date_gmt":"2021-03-09T09:32:48","guid":{"rendered":"http:\/\/kunstrestaurierung.de\/?page_id=11"},"modified":"2021-03-11T16:49:35","modified_gmt":"2021-03-11T15:49:35","slug":"ueber-uns","status":"publish","type":"page","link":"http:\/\/kunstrestaurierung.de\/?page_id=11","title":{"rendered":"\u00dcber uns"},"content":{"rendered":"\t\t<div data-elementor-type=\"wp-page\" data-elementor-id=\"11\" class=\"elementor elementor-11\">\n\t\t\t\t\t\t\t\t\t<section class=\"elementor-section elementor-top-section elementor-element elementor-element-2d61a56 elementor-section-full_width elementor-section-height-default elementor-section-height-default\" data-id=\"2d61a56\" data-element_type=\"section\" data-settings=\"{&quot;jet_parallax_layout_list&quot;:[{&quot;jet_parallax_layout_image&quot;:{&quot;url&quot;:&quot;&quot;,&quot;id&quot;:&quot;&quot;},&quot;_id&quot;:&quot;741f96e&quot;,&quot;jet_parallax_layout_image_tablet&quot;:{&quot;url&quot;:&quot;&quot;,&quot;id&quot;:&quot;&quot;},&quot;jet_parallax_layout_image_mobile&quot;:{&quot;url&quot;:&quot;&quot;,&quot;id&quot;:&quot;&quot;},&quot;jet_parallax_layout_speed&quot;:{&quot;unit&quot;:&quot;%&quot;,&quot;size&quot;:50,&quot;sizes&quot;:[]},&quot;jet_parallax_layout_type&quot;:&quot;scroll&quot;,&quot;jet_parallax_layout_direction&quot;:null,&quot;jet_parallax_layout_fx_direction&quot;:null,&quot;jet_parallax_layout_z_index&quot;:&quot;&quot;,&quot;jet_parallax_layout_bg_x&quot;:50,&quot;jet_parallax_layout_bg_x_tablet&quot;:&quot;&quot;,&quot;jet_parallax_layout_bg_x_mobile&quot;:&quot;&quot;,&quot;jet_parallax_layout_bg_y&quot;:50,&quot;jet_parallax_layout_bg_y_tablet&quot;:&quot;&quot;,&quot;jet_parallax_layout_bg_y_mobile&quot;:&quot;&quot;,&quot;jet_parallax_layout_bg_size&quot;:&quot;auto&quot;,&quot;jet_parallax_layout_bg_size_tablet&quot;:&quot;&quot;,&quot;jet_parallax_layout_bg_size_mobile&quot;:&quot;&quot;,&quot;jet_parallax_layout_animation_prop&quot;:&quot;transform&quot;,&quot;jet_parallax_layout_on&quot;:[&quot;desktop&quot;,&quot;tablet&quot;]}]}\">\n\t\t\t\t\t\t<div class=\"elementor-container elementor-column-gap-default\">\n\t\t\t\t\t<div class=\"elementor-column elementor-col-25 elementor-top-column elementor-element elementor-element-b9f7702\" data-id=\"b9f7702\" data-element_type=\"column\">\n\t\t\t<div class=\"elementor-widget-wrap\">\n\t\t\t\t\t\t\t\t\t<\/div>\n\t\t<\/div>\n\t\t\t\t<div class=\"elementor-column elementor-col-25 elementor-top-column elementor-element elementor-element-dac3d55\" data-id=\"dac3d55\" data-element_type=\"column\">\n\t\t\t<div class=\"elementor-widget-wrap elementor-element-populated\">\n\t\t\t\t\t\t\t\t<div class=\"elementor-element elementor-element-88c23bd elementor-invisible elementor-widget elementor-widget-heading\" data-id=\"88c23bd\" data-element_type=\"widget\" data-settings=\"{&quot;_animation&quot;:&quot;fadeIn&quot;}\" data-widget_type=\"heading.default\">\n\t\t\t\t<div class=\"elementor-widget-container\">\n\t\t\t<h2 class=\"elementor-heading-title elementor-size-default\">\u00dcber uns<\/h2>\t\t<\/div>\n\t\t\t\t<\/div>\n\t\t\t\t<div class=\"elementor-element elementor-element-59ea58d elementor-invisible elementor-widget elementor-widget-image\" data-id=\"59ea58d\" data-element_type=\"widget\" data-settings=\"{&quot;_animation&quot;:&quot;fadeIn&quot;}\" data-widget_type=\"image.default\">\n\t\t\t\t<div class=\"elementor-widget-container\">\n\t\t\t\t\t\t\t\t\t\t\t\t\t\t\t<img loading=\"lazy\" decoding=\"async\" width=\"255\" height=\"8\" src=\"http:\/\/kunstrestaurierung.de\/wp-content\/uploads\/2021\/03\/linie_rot.svg\" class=\"attachment-large size-large\" alt=\"\" \/>\t\t\t\t\t\t\t\t\t\t\t\t\t\t\t<\/div>\n\t\t\t\t<\/div>\n\t\t\t\t\t<\/div>\n\t\t<\/div>\n\t\t\t\t<div class=\"elementor-column elementor-col-25 elementor-top-column elementor-element elementor-element-1202f9a\" data-id=\"1202f9a\" data-element_type=\"column\">\n\t\t\t<div class=\"elementor-widget-wrap\">\n\t\t\t\t\t\t\t\t\t<\/div>\n\t\t<\/div>\n\t\t\t\t<div class=\"elementor-column elementor-col-25 elementor-top-column elementor-element elementor-element-cf7fdfc\" data-id=\"cf7fdfc\" data-element_type=\"column\">\n\t\t\t<div class=\"elementor-widget-wrap\">\n\t\t\t\t\t\t\t\t\t<\/div>\n\t\t<\/div>\n\t\t\t\t\t\t\t<\/div>\n\t\t<\/section>\n\t\t\t\t<section class=\"elementor-section elementor-top-section elementor-element elementor-element-1ab60c7 elementor-section-full_width elementor-section-height-default elementor-section-height-default\" data-id=\"1ab60c7\" data-element_type=\"section\" data-settings=\"{&quot;jet_parallax_layout_list&quot;:[{&quot;jet_parallax_layout_image&quot;:{&quot;url&quot;:&quot;&quot;,&quot;id&quot;:&quot;&quot;},&quot;_id&quot;:&quot;8044199&quot;,&quot;jet_parallax_layout_image_tablet&quot;:{&quot;url&quot;:&quot;&quot;,&quot;id&quot;:&quot;&quot;},&quot;jet_parallax_layout_image_mobile&quot;:{&quot;url&quot;:&quot;&quot;,&quot;id&quot;:&quot;&quot;},&quot;jet_parallax_layout_speed&quot;:{&quot;unit&quot;:&quot;%&quot;,&quot;size&quot;:50,&quot;sizes&quot;:[]},&quot;jet_parallax_layout_type&quot;:&quot;scroll&quot;,&quot;jet_parallax_layout_direction&quot;:null,&quot;jet_parallax_layout_fx_direction&quot;:null,&quot;jet_parallax_layout_z_index&quot;:&quot;&quot;,&quot;jet_parallax_layout_bg_x&quot;:50,&quot;jet_parallax_layout_bg_x_tablet&quot;:&quot;&quot;,&quot;jet_parallax_layout_bg_x_mobile&quot;:&quot;&quot;,&quot;jet_parallax_layout_bg_y&quot;:50,&quot;jet_parallax_layout_bg_y_tablet&quot;:&quot;&quot;,&quot;jet_parallax_layout_bg_y_mobile&quot;:&quot;&quot;,&quot;jet_parallax_layout_bg_size&quot;:&quot;auto&quot;,&quot;jet_parallax_layout_bg_size_tablet&quot;:&quot;&quot;,&quot;jet_parallax_layout_bg_size_mobile&quot;:&quot;&quot;,&quot;jet_parallax_layout_animation_prop&quot;:&quot;transform&quot;,&quot;jet_parallax_layout_on&quot;:[&quot;desktop&quot;,&quot;tablet&quot;]}]}\">\n\t\t\t\t\t\t<div class=\"elementor-container elementor-column-gap-default\">\n\t\t\t\t\t<div class=\"elementor-column elementor-col-25 elementor-top-column elementor-element elementor-element-27652e9\" data-id=\"27652e9\" data-element_type=\"column\">\n\t\t\t<div class=\"elementor-widget-wrap\">\n\t\t\t\t\t\t\t\t\t<\/div>\n\t\t<\/div>\n\t\t\t\t<div class=\"elementor-column elementor-col-25 elementor-top-column elementor-element elementor-element-8c130e7\" data-id=\"8c130e7\" data-element_type=\"column\">\n\t\t\t<div class=\"elementor-widget-wrap elementor-element-populated\">\n\t\t\t\t\t\t\t\t<div class=\"elementor-element elementor-element-5011d46 elementor-invisible elementor-widget elementor-widget-text-editor\" data-id=\"5011d46\" data-element_type=\"widget\" data-settings=\"{&quot;_animation&quot;:&quot;fadeIn&quot;}\" data-widget_type=\"text-editor.default\">\n\t\t\t\t<div class=\"elementor-widget-container\">\n\t\t\t\t\t\t\t<p>Seit dem Jahr 2000 arbeiten wir eng mit der Denkmalpflege Nordrhein-Westfalen, Rheinland-Pfalz, Hessen und Bayern sowie privaten, kirchlichen und staatlichen Auftraggebern zusammen. Im Rahmen von Forschungsprojekten leisten wir einen Beitrag zur Optimierung und Neuentwicklung von Methoden der Restaurierung und Konservierung und erarbeiten neue Kenntnisse zu historischen Werkverfahren und Materialien.<\/p>\n<p><br><\/p>\t\t\t\t\t\t<\/div>\n\t\t\t\t<\/div>\n\t\t\t\t\t<\/div>\n\t\t<\/div>\n\t\t\t\t<div class=\"elementor-column elementor-col-25 elementor-top-column elementor-element elementor-element-01cb098\" data-id=\"01cb098\" data-element_type=\"column\">\n\t\t\t<div class=\"elementor-widget-wrap elementor-element-populated\">\n\t\t\t\t\t\t\t\t<div class=\"elementor-element elementor-element-a27d7fe elementor-invisible elementor-widget elementor-widget-text-editor\" data-id=\"a27d7fe\" data-element_type=\"widget\" data-settings=\"{&quot;_animation&quot;:&quot;fadeIn&quot;}\" data-widget_type=\"text-editor.default\">\n\t\t\t\t<div class=\"elementor-widget-container\">\n\t\t\t\t\t\t\t<p>Einen Schwerpunkt bildet die\u00a0<strong><a href=\"http:\/\/web.archive.org\/web\/20180831194255\/http:\/\/kunstrestaurierung.de\/index.php\/xx\/laserreinigung\/\" target=\"_self\">Laserreinigung<\/a><\/strong> von Naturstein sowie gefasster Oberfl\u00e4chen und Wandmalerei.<\/p>\t\t\t\t\t\t<\/div>\n\t\t\t\t<\/div>\n\t\t\t\t\t<\/div>\n\t\t<\/div>\n\t\t\t\t<div class=\"elementor-column elementor-col-25 elementor-top-column elementor-element elementor-element-3674caa\" data-id=\"3674caa\" data-element_type=\"column\">\n\t\t\t<div class=\"elementor-widget-wrap\">\n\t\t\t\t\t\t\t\t\t<\/div>\n\t\t<\/div>\n\t\t\t\t\t\t\t<\/div>\n\t\t<\/section>\n\t\t\t\t<section class=\"elementor-section elementor-top-section elementor-element elementor-element-fc76ef3 elementor-section-full_width elementor-section-height-default elementor-section-height-default\" data-id=\"fc76ef3\" data-element_type=\"section\" data-settings=\"{&quot;jet_parallax_layout_list&quot;:[{&quot;jet_parallax_layout_image&quot;:{&quot;url&quot;:&quot;&quot;,&quot;id&quot;:&quot;&quot;},&quot;_id&quot;:&quot;94b04b6&quot;,&quot;jet_parallax_layout_image_tablet&quot;:{&quot;url&quot;:&quot;&quot;,&quot;id&quot;:&quot;&quot;},&quot;jet_parallax_layout_image_mobile&quot;:{&quot;url&quot;:&quot;&quot;,&quot;id&quot;:&quot;&quot;},&quot;jet_parallax_layout_speed&quot;:{&quot;unit&quot;:&quot;%&quot;,&quot;size&quot;:50,&quot;sizes&quot;:[]},&quot;jet_parallax_layout_type&quot;:&quot;scroll&quot;,&quot;jet_parallax_layout_direction&quot;:null,&quot;jet_parallax_layout_fx_direction&quot;:null,&quot;jet_parallax_layout_z_index&quot;:&quot;&quot;,&quot;jet_parallax_layout_bg_x&quot;:50,&quot;jet_parallax_layout_bg_x_tablet&quot;:&quot;&quot;,&quot;jet_parallax_layout_bg_x_mobile&quot;:&quot;&quot;,&quot;jet_parallax_layout_bg_y&quot;:50,&quot;jet_parallax_layout_bg_y_tablet&quot;:&quot;&quot;,&quot;jet_parallax_layout_bg_y_mobile&quot;:&quot;&quot;,&quot;jet_parallax_layout_bg_size&quot;:&quot;auto&quot;,&quot;jet_parallax_layout_bg_size_tablet&quot;:&quot;&quot;,&quot;jet_parallax_layout_bg_size_mobile&quot;:&quot;&quot;,&quot;jet_parallax_layout_animation_prop&quot;:&quot;transform&quot;,&quot;jet_parallax_layout_on&quot;:[&quot;desktop&quot;,&quot;tablet&quot;]}]}\">\n\t\t\t\t\t\t<div class=\"elementor-container elementor-column-gap-default\">\n\t\t\t\t\t<div class=\"elementor-column elementor-col-25 elementor-top-column elementor-element elementor-element-f81d02a\" data-id=\"f81d02a\" data-element_type=\"column\">\n\t\t\t<div class=\"elementor-widget-wrap\">\n\t\t\t\t\t\t\t\t\t<\/div>\n\t\t<\/div>\n\t\t\t\t<div class=\"elementor-column elementor-col-25 elementor-top-column elementor-element elementor-element-be4c43f elementor-invisible\" data-id=\"be4c43f\" data-element_type=\"column\" data-settings=\"{&quot;background_background&quot;:&quot;classic&quot;,&quot;animation&quot;:&quot;fadeIn&quot;,&quot;animation_delay&quot;:200}\">\n\t\t\t<div class=\"elementor-widget-wrap elementor-element-populated\">\n\t\t\t\t\t\t\t\t<div class=\"elementor-element elementor-element-579b2b2 elementor-invisible elementor-widget elementor-widget-image\" data-id=\"579b2b2\" data-element_type=\"widget\" data-settings=\"{&quot;_animation&quot;:&quot;fadeIn&quot;}\" data-widget_type=\"image.default\">\n\t\t\t\t<div class=\"elementor-widget-container\">\n\t\t\t\t\t\t\t\t\t\t\t\t\t\t\t<img loading=\"lazy\" decoding=\"async\" width=\"283\" height=\"300\" src=\"http:\/\/kunstrestaurierung.de\/wp-content\/uploads\/2021\/03\/christina_verbeek-283x300.jpg\" class=\"attachment-medium size-medium\" alt=\"\" srcset=\"http:\/\/kunstrestaurierung.de\/wp-content\/uploads\/2021\/03\/christina_verbeek-283x300.jpg 283w, http:\/\/kunstrestaurierung.de\/wp-content\/uploads\/2021\/03\/christina_verbeek.jpg 767w\" sizes=\"auto, (max-width: 283px) 100vw, 283px\" \/>\t\t\t\t\t\t\t\t\t\t\t\t\t\t\t<\/div>\n\t\t\t\t<\/div>\n\t\t\t\t<div class=\"elementor-element elementor-element-0beee68 elementor-widget elementor-widget-heading\" data-id=\"0beee68\" data-element_type=\"widget\" data-widget_type=\"heading.default\">\n\t\t\t\t<div class=\"elementor-widget-container\">\n\t\t\t<h2 class=\"elementor-heading-title elementor-size-default\">Dipl. Rest. Christina Verbeek<\/h2>\t\t<\/div>\n\t\t\t\t<\/div>\n\t\t\t\t<div class=\"elementor-element elementor-element-3f58f82 elementor-widget elementor-widget-image\" data-id=\"3f58f82\" data-element_type=\"widget\" data-widget_type=\"image.default\">\n\t\t\t\t<div class=\"elementor-widget-container\">\n\t\t\t\t\t\t\t\t\t\t\t\t\t\t\t<img loading=\"lazy\" decoding=\"async\" width=\"255\" height=\"8\" src=\"http:\/\/kunstrestaurierung.de\/wp-content\/uploads\/2021\/03\/linie_rot.svg\" class=\"attachment-large size-large\" alt=\"\" \/>\t\t\t\t\t\t\t\t\t\t\t\t\t\t\t<\/div>\n\t\t\t\t<\/div>\n\t\t\t\t<div class=\"elementor-element elementor-element-3248626 elementor-widget elementor-widget-toggle\" data-id=\"3248626\" data-element_type=\"widget\" data-widget_type=\"toggle.default\">\n\t\t\t\t<div class=\"elementor-widget-container\">\n\t\t\t\t\t<div class=\"elementor-toggle\" role=\"tablist\">\n\t\t\t\t\t\t\t<div class=\"elementor-toggle-item\">\n\t\t\t\t\t<div id=\"elementor-tab-title-5271\" class=\"elementor-tab-title\" data-tab=\"1\" role=\"tab\" aria-controls=\"elementor-tab-content-5271\" aria-expanded=\"false\">\n\t\t\t\t\t\t\t\t\t\t\t\t<span class=\"elementor-toggle-icon elementor-toggle-icon-left\" aria-hidden=\"true\">\n\t\t\t\t\t\t\t\t\t\t\t\t\t\t\t<span class=\"elementor-toggle-icon-closed\"><i class=\"fas fa-caret-right\"><\/i><\/span>\n\t\t\t\t\t\t\t\t<span class=\"elementor-toggle-icon-opened\"><i class=\"elementor-toggle-icon-opened fas fa-caret-up\"><\/i><\/span>\n\t\t\t\t\t\t\t\t\t\t\t\t\t<\/span>\n\t\t\t\t\t\t\t\t\t\t\t\t<a href=\"\" class=\"elementor-toggle-title\">Ausbildung<\/a>\n\t\t\t\t\t<\/div>\n\n\t\t\t\t\t<div id=\"elementor-tab-content-5271\" class=\"elementor-tab-content elementor-clearfix\" data-tab=\"1\" role=\"tabpanel\" aria-labelledby=\"elementor-tab-title-5271\"><p><strong>1991 \u2013 1993<br \/>Volontariat<\/strong> in der Werkstatt des Restaurators J. Hartmann, Bruchhausen; Mitarbeit an einer Vielzahl von Projekten zur Untersuchung an Architekturpolychromie und Restaurierung von Wandmalerei und Objekten aus Holz und Stein<\/p><p><strong>1993 \u2013 1995<br \/>Volontariat<\/strong> in der Restaurierungswerkstatt f\u00fcr<br \/>Wandmalerei und Stein des Rheinischen Amtes f\u00fcr Denkmalpflege in<br \/>Brauweiler; Mitarbeit an einer Vielzahl von Projekten zur Restaurierung<br \/>und Konservierung von Wandmalerei, Stein, Architekturpolychromie und<br \/>Stuck sowie zur Befunduntersuchung<\/p><p><strong>1995 \u2013 2000<br \/>Studium<\/strong> der Restaurierung und Konservierung von Kunst und Kulturgut, Fachrichtung Wandmalereien und Objekte aus Stein an der Fachhochschule K\u00f6ln<\/p><p><strong>2000<br \/>Diplom<\/strong> an der Fachhochschule K\u00f6ln im Fachbereich<br \/>Konservierung und Restaurierung von Kunst und Kulturgut. Thema: Die<br \/>Felszeichnungen der Region Chamang\u00e1, Provinz Flores, Uruguay.<br \/>Inventarisierung und Untersuchung der Zeichnungen unter besonderer<br \/>Ber\u00fccksichtigung von Rock Varnish (mit Unterst\u00fctzung durch ein<br \/>Stipendium des DAAD)<br \/><br \/><\/p><p><strong>1996 \u2013 2000<br \/>Mitarbeit<\/strong> bei diversen Projekten, u.a.: Auktionshaus Lemperz, Beratung von Kunden, Pr\u00e4sentation der Kunstwerke. Antiquariat Venator &amp; Hanstein, Beratung von Kunden, Pr\u00e4sentation bei Auktionen (1998)<\/p><p>Consulting-Firma OSC, K\u00f6ln (Vorbereitung von Workshops zu den Themen: Qualit\u00e4tsmanagement; Proze\u00dfmanagement; Desease-Management) (1996 \u2013 1998)<\/p><p>Mitarbeit bei der Restaurierung einer s\u00fcdamerikanischen Wandmalerei der Kolonialzeit, \u201cDe Profundis\u201d, Convento de los Franziscanos, C\u00f3rdoba, Argentinien, mit Unterst\u00fctzung durch ein Vollstipendium der Carl-Duisberg-Gesellschaft (Praxissemester).<\/p><p>Mitarbeit bei der Restauratorengemeinschaft Kart\u00e4userhof, K\u00f6ln (2000)<\/p><\/div>\n\t\t\t\t<\/div>\n\t\t\t\t\t\t\t<div class=\"elementor-toggle-item\">\n\t\t\t\t\t<div id=\"elementor-tab-title-5272\" class=\"elementor-tab-title\" data-tab=\"2\" role=\"tab\" aria-controls=\"elementor-tab-content-5272\" aria-expanded=\"false\">\n\t\t\t\t\t\t\t\t\t\t\t\t<span class=\"elementor-toggle-icon elementor-toggle-icon-left\" aria-hidden=\"true\">\n\t\t\t\t\t\t\t\t\t\t\t\t\t\t\t<span class=\"elementor-toggle-icon-closed\"><i class=\"fas fa-caret-right\"><\/i><\/span>\n\t\t\t\t\t\t\t\t<span class=\"elementor-toggle-icon-opened\"><i class=\"elementor-toggle-icon-opened fas fa-caret-up\"><\/i><\/span>\n\t\t\t\t\t\t\t\t\t\t\t\t\t<\/span>\n\t\t\t\t\t\t\t\t\t\t\t\t<a href=\"\" class=\"elementor-toggle-title\">Freiberufliche T\u00e4tigkeit<\/a>\n\t\t\t\t\t<\/div>\n\n\t\t\t\t\t<div id=\"elementor-tab-content-5272\" class=\"elementor-tab-content elementor-clearfix\" data-tab=\"2\" role=\"tabpanel\" aria-labelledby=\"elementor-tab-title-5272\"><div class=\"elementor-element elementor-element-d2d7297 elementor-widget elementor-widget-text-editor is-mac\" data-id=\"d2d7297\" data-element_type=\"widget\" data-widget_type=\"text-editor.default\"><div class=\"elementor-widget-container\"><div class=\"elementor-text-editor elementor-clearfix\"><p><strong>seit 2000<br \/><\/strong><strong>selbstst\u00e4ndige T\u00e4tigkeit<\/strong> im Atelier f\u00fcr Konservierung, K\u00f6ln (siehe Referenzen)<br \/><br \/><strong>Projektleitung<\/strong><br \/>Luxor, \u00c4gypten: PROCON TT 49, (conservation project tomb of Neferhotep TT 49) Untersuchung, Konservierung und Restaurierung alt\u00e4gyptischer Wandmalereien, Steinobjekte und Grabausstattung der Grabkammer des Neferhotep. Auftraggeber: Universidad de Tucum\u00e1n, Argentinien in Zusammenarbeit mit dem Supreme Council of Antiquities, \u00c4gypten<br \/><br \/><strong>Mitarbeit<\/strong> im DBU-Forschungsprojekt der Dombauverwaltung K\u00f6ln \u201cModellhafte Entwicklung von Konservierungskonzepten f\u00fcr den stark umweltgesch\u00e4digten Trachyt an den Domen zu K\u00f6ln und Xanten\u201d<br \/><br \/><strong>Mitarbeit<\/strong> im DBU-Forschungsprojekt: \u201cModellhafte Entwicklung von Schutzkonzepten f\u00fcr umweltgesch\u00e4digte Kulturg\u00fcter aus Granit\u201d gef\u00f6rdert durch das DBU<br \/><br \/><strong>Forschungsprojekt:<\/strong> \u201cWiederlesbarmachung alt\u00e4gyptischer Darstellungen zu ihrer Interpretation. Entwicklung neuer Methoden zur Oberfl\u00e4chenreinigung repr\u00e4sentativ am Beispiel der Grabkammer des Neferhotep Theben\u201d gef\u00f6rdert durch die Gerda Henkel Stiftung, in Zusammenarbeit mit dem Fraunhofer Institut f\u00fcr Werkstoff- und Strahlentechnik (Fh-IWS) Dresden<br \/><br \/><strong>Forschungsprojekt:<\/strong> \u201cZur Wiedergewinnung alt\u00e4gyptischer Wandmalerei. Methoden \u00e4gyptologischer Forschung und ihre Auswirkung am Beispiel der Tempelwand in der Grabkammer des Neferhotep, Theben.\u201d Gef\u00f6rdert durch die Gerda Henkel Stiftung<br \/><br \/><strong>Forschungsprojekt: \u201c<\/strong>Leitfaden zur Konservierung alt\u00e4gyptischer Grabanlagen in Theben. Theorie und Praxis des konservatorischen Umgangs mit dekorierten alt\u00e4gyptischen Grabkammern. Entwicklung eines Handbuchs als interaktive, themenbezogene Datenbank f\u00fcr das Wissenschaftsportal L.I.S.A..\u201d Gef\u00f6rdert durch die Gerda Henkel Stiftung<\/p><\/div><\/div><\/div><div class=\"elementor-element elementor-element-621efe3 elementor-widget-divider--view-line elementor-widget elementor-widget-divider is-mac\" data-id=\"621efe3\" data-element_type=\"widget\" data-widget_type=\"divider.default\"><div class=\"elementor-widget-container\"><div class=\"elementor-divider\">\u00a0<\/div><\/div><\/div><div class=\"elementor-element elementor-element-5558f92 elementor-widget elementor-widget-text-editor is-mac\" data-id=\"5558f92\" data-element_type=\"widget\" data-widget_type=\"text-editor.default\"><div class=\"elementor-widget-container\"><div class=\"elementor-text-editor elementor-clearfix\"><p>Vorsitzende des gemeinn\u00fctzigen Vereins Neferhotep e.V. (Verein zur Erhaltung, Pflege und Erforschung von alt\u00e4gyptischen Gr\u00e4bern in Theben, \u00c4gypten)<\/p><\/div><\/div><\/div><div class=\"elementor-element elementor-element-d53f15b elementor-widget-divider--view-line elementor-widget elementor-widget-divider is-mac\" data-id=\"d53f15b\" data-element_type=\"widget\" data-widget_type=\"divider.default\"><div class=\"elementor-widget-container\"><div class=\"elementor-divider\">\u00a0<\/div><\/div><\/div><div class=\"elementor-element elementor-element-ce69d9d elementor-widget elementor-widget-text-editor is-mac\" data-id=\"ce69d9d\" data-element_type=\"widget\" data-widget_type=\"text-editor.default\"><div class=\"elementor-widget-container\"><div class=\"elementor-text-editor elementor-clearfix\"><p><strong>2005 \u2013 2009<br \/><\/strong><strong>wissenschaftliche Assistenz<\/strong>, Fachhochschule K\u00f6ln, Institut f\u00fcr Restaurierungs- und Konservierungswissenschaft<\/p><\/div><\/div><\/div><\/div>\n\t\t\t\t<\/div>\n\t\t\t\t\t\t\t<div class=\"elementor-toggle-item\">\n\t\t\t\t\t<div id=\"elementor-tab-title-5273\" class=\"elementor-tab-title\" data-tab=\"3\" role=\"tab\" aria-controls=\"elementor-tab-content-5273\" aria-expanded=\"false\">\n\t\t\t\t\t\t\t\t\t\t\t\t<span class=\"elementor-toggle-icon elementor-toggle-icon-left\" aria-hidden=\"true\">\n\t\t\t\t\t\t\t\t\t\t\t\t\t\t\t<span class=\"elementor-toggle-icon-closed\"><i class=\"fas fa-caret-right\"><\/i><\/span>\n\t\t\t\t\t\t\t\t<span class=\"elementor-toggle-icon-opened\"><i class=\"elementor-toggle-icon-opened fas fa-caret-up\"><\/i><\/span>\n\t\t\t\t\t\t\t\t\t\t\t\t\t<\/span>\n\t\t\t\t\t\t\t\t\t\t\t\t<a href=\"\" class=\"elementor-toggle-title\">Sprachkenntnisse<\/a>\n\t\t\t\t\t<\/div>\n\n\t\t\t\t\t<div id=\"elementor-tab-content-5273\" class=\"elementor-tab-content elementor-clearfix\" data-tab=\"3\" role=\"tabpanel\" aria-labelledby=\"elementor-tab-title-5273\"><p>flie\u00dfend Spanisch (schriftlich und m\u00fcndlich) Franz\u00f6sisch, Englisch, Italienisch<\/p><\/div>\n\t\t\t\t<\/div>\n\t\t\t\t\t\t\t\t<\/div>\n\t\t\t\t<\/div>\n\t\t\t\t<\/div>\n\t\t\t\t\t<\/div>\n\t\t<\/div>\n\t\t\t\t<div class=\"elementor-column elementor-col-25 elementor-top-column elementor-element elementor-element-f7786fe elementor-invisible\" data-id=\"f7786fe\" data-element_type=\"column\" data-settings=\"{&quot;background_background&quot;:&quot;classic&quot;,&quot;animation&quot;:&quot;fadeIn&quot;}\">\n\t\t\t<div class=\"elementor-widget-wrap elementor-element-populated\">\n\t\t\t\t\t\t\t\t<div class=\"elementor-element elementor-element-1b1d196 elementor-widget elementor-widget-image\" data-id=\"1b1d196\" data-element_type=\"widget\" data-widget_type=\"image.default\">\n\t\t\t\t<div class=\"elementor-widget-container\">\n\t\t\t\t\t\t\t\t\t\t\t\t\t\t\t<img loading=\"lazy\" decoding=\"async\" width=\"283\" height=\"300\" src=\"http:\/\/kunstrestaurierung.de\/wp-content\/uploads\/2021\/03\/susanne_brinkmann-283x300.jpg\" class=\"attachment-medium size-medium\" alt=\"\" srcset=\"http:\/\/kunstrestaurierung.de\/wp-content\/uploads\/2021\/03\/susanne_brinkmann-283x300.jpg 283w, http:\/\/kunstrestaurierung.de\/wp-content\/uploads\/2021\/03\/susanne_brinkmann.jpg 767w\" sizes=\"auto, (max-width: 283px) 100vw, 283px\" \/>\t\t\t\t\t\t\t\t\t\t\t\t\t\t\t<\/div>\n\t\t\t\t<\/div>\n\t\t\t\t<div class=\"elementor-element elementor-element-c7434c4 elementor-widget elementor-widget-heading\" data-id=\"c7434c4\" data-element_type=\"widget\" data-widget_type=\"heading.default\">\n\t\t\t\t<div class=\"elementor-widget-container\">\n\t\t\t<h2 class=\"elementor-heading-title elementor-size-default\">Dipl. Rest. Susanne Brinkmann M.A<\/h2>\t\t<\/div>\n\t\t\t\t<\/div>\n\t\t\t\t<div class=\"elementor-element elementor-element-2a04e83 elementor-widget elementor-widget-image\" data-id=\"2a04e83\" data-element_type=\"widget\" data-widget_type=\"image.default\">\n\t\t\t\t<div class=\"elementor-widget-container\">\n\t\t\t\t\t\t\t\t\t\t\t\t\t\t\t<img loading=\"lazy\" decoding=\"async\" width=\"255\" height=\"8\" src=\"http:\/\/kunstrestaurierung.de\/wp-content\/uploads\/2021\/03\/linie_rot.svg\" class=\"attachment-large size-large\" alt=\"\" \/>\t\t\t\t\t\t\t\t\t\t\t\t\t\t\t<\/div>\n\t\t\t\t<\/div>\n\t\t\t\t<section class=\"elementor-section elementor-inner-section elementor-element elementor-element-202711f elementor-section-boxed elementor-section-height-default elementor-section-height-default\" data-id=\"202711f\" data-element_type=\"section\" data-settings=\"{&quot;jet_parallax_layout_list&quot;:[{&quot;jet_parallax_layout_image&quot;:{&quot;url&quot;:&quot;&quot;,&quot;id&quot;:&quot;&quot;},&quot;_id&quot;:&quot;1b9458a&quot;,&quot;jet_parallax_layout_image_tablet&quot;:{&quot;url&quot;:&quot;&quot;,&quot;id&quot;:&quot;&quot;},&quot;jet_parallax_layout_image_mobile&quot;:{&quot;url&quot;:&quot;&quot;,&quot;id&quot;:&quot;&quot;},&quot;jet_parallax_layout_speed&quot;:{&quot;unit&quot;:&quot;%&quot;,&quot;size&quot;:50,&quot;sizes&quot;:[]},&quot;jet_parallax_layout_type&quot;:&quot;scroll&quot;,&quot;jet_parallax_layout_direction&quot;:null,&quot;jet_parallax_layout_fx_direction&quot;:null,&quot;jet_parallax_layout_z_index&quot;:&quot;&quot;,&quot;jet_parallax_layout_bg_x&quot;:50,&quot;jet_parallax_layout_bg_x_tablet&quot;:&quot;&quot;,&quot;jet_parallax_layout_bg_x_mobile&quot;:&quot;&quot;,&quot;jet_parallax_layout_bg_y&quot;:50,&quot;jet_parallax_layout_bg_y_tablet&quot;:&quot;&quot;,&quot;jet_parallax_layout_bg_y_mobile&quot;:&quot;&quot;,&quot;jet_parallax_layout_bg_size&quot;:&quot;auto&quot;,&quot;jet_parallax_layout_bg_size_tablet&quot;:&quot;&quot;,&quot;jet_parallax_layout_bg_size_mobile&quot;:&quot;&quot;,&quot;jet_parallax_layout_animation_prop&quot;:&quot;transform&quot;,&quot;jet_parallax_layout_on&quot;:[&quot;desktop&quot;,&quot;tablet&quot;]}]}\">\n\t\t\t\t\t\t<div class=\"elementor-container elementor-column-gap-default\">\n\t\t\t\t\t<div class=\"elementor-column elementor-col-100 elementor-inner-column elementor-element elementor-element-4827c7b\" data-id=\"4827c7b\" data-element_type=\"column\">\n\t\t\t<div class=\"elementor-widget-wrap elementor-element-populated\">\n\t\t\t\t\t\t\t\t<div class=\"elementor-element elementor-element-78f6d0d elementor-widget elementor-widget-toggle\" data-id=\"78f6d0d\" data-element_type=\"widget\" data-widget_type=\"toggle.default\">\n\t\t\t\t<div class=\"elementor-widget-container\">\n\t\t\t\t\t<div class=\"elementor-toggle\" role=\"tablist\">\n\t\t\t\t\t\t\t<div class=\"elementor-toggle-item\">\n\t\t\t\t\t<div id=\"elementor-tab-title-1261\" class=\"elementor-tab-title\" data-tab=\"1\" role=\"tab\" aria-controls=\"elementor-tab-content-1261\" aria-expanded=\"false\">\n\t\t\t\t\t\t\t\t\t\t\t\t<span class=\"elementor-toggle-icon elementor-toggle-icon-left\" aria-hidden=\"true\">\n\t\t\t\t\t\t\t\t\t\t\t\t\t\t\t<span class=\"elementor-toggle-icon-closed\"><i class=\"fas fa-caret-right\"><\/i><\/span>\n\t\t\t\t\t\t\t\t<span class=\"elementor-toggle-icon-opened\"><i class=\"elementor-toggle-icon-opened fas fa-caret-up\"><\/i><\/span>\n\t\t\t\t\t\t\t\t\t\t\t\t\t<\/span>\n\t\t\t\t\t\t\t\t\t\t\t\t<a href=\"\" class=\"elementor-toggle-title\">Ausbildung<\/a>\n\t\t\t\t\t<\/div>\n\n\t\t\t\t\t<div id=\"elementor-tab-content-1261\" class=\"elementor-tab-content elementor-clearfix\" data-tab=\"1\" role=\"tabpanel\" aria-labelledby=\"elementor-tab-title-1261\"><section class=\"elementor-section elementor-inner-section elementor-element elementor-element-202711f elementor-section-boxed elementor-section-height-default elementor-section-height-default\" data-id=\"202711f\" data-element_type=\"section\"><div class=\"elementor-container elementor-column-gap-default\"><div class=\"elementor-column elementor-col-100 elementor-inner-column elementor-element elementor-element-4827c7b\" data-id=\"4827c7b\" data-element_type=\"column\"><div class=\"elementor-widget-wrap elementor-element-populated\"><div class=\"elementor-element elementor-element-09dc86a elementor-widget elementor-widget-text-editor is-mac\" data-id=\"09dc86a\" data-element_type=\"widget\" data-widget_type=\"text-editor.default\"><div class=\"elementor-widget-container\"><div class=\"elementor-text-editor elementor-clearfix\"><p><strong>1987 \u2013 1993<br \/>Studium<\/strong> der Kunstgeschichte, Kl. Arch\u00e4ologie, Romanistik an der Philipps \u2013 Universit\u00e4t Marburg, Universit\u00e0 degli Studi di Firenze und Universit\u00e4t zu K\u00f6ln<\/p><\/div><\/div><\/div><div class=\"elementor-element elementor-element-e22b476 elementor-widget elementor-widget-text-editor is-mac\" data-id=\"e22b476\" data-element_type=\"widget\" data-widget_type=\"text-editor.default\"><div class=\"elementor-widget-container\"><div class=\"elementor-text-editor elementor-clearfix\"><p><strong>1989\/90<br \/><\/strong>Stipendiatin an der Universit\u00e0 degli Studi di Firenze<\/p><\/div><\/div><\/div><div class=\"elementor-element elementor-element-52623da elementor-widget elementor-widget-text-editor is-mac\" data-id=\"52623da\" data-element_type=\"widget\" data-widget_type=\"text-editor.default\"><div class=\"elementor-widget-container\"><div class=\"elementor-text-editor elementor-clearfix\"><p><strong>1993<br \/><\/strong><strong>Magister Artium<\/strong> der Kunstgeschichte an der Universit\u00e4t zu K\u00f6ln, Thema der Magisterarbeit: Nardos di Cione Inferno in der Dominikanerkirche S. Maria Novella zu Florenz<\/p><\/div><\/div><\/div><div class=\"elementor-element elementor-element-1856216 elementor-widget elementor-widget-text-editor is-mac\" data-id=\"1856216\" data-element_type=\"widget\" data-widget_type=\"text-editor.default\"><div class=\"elementor-widget-container\"><div class=\"elementor-text-editor elementor-clearfix\"><p><strong>1990 \u2013 1992<br \/><\/strong><strong>Studentische Mitarbeit<\/strong> im Amt f\u00fcr Arch\u00e4ologische Bodendenkmalpflege der Stadt K\u00f6ln; Ausgrabung, Dokumentation und Inventarisierung von arch\u00e4ologischen Bodenfunden<\/p><\/div><\/div><\/div><div class=\"elementor-element elementor-element-4d79fc6 elementor-widget elementor-widget-text-editor is-mac\" data-id=\"4d79fc6\" data-element_type=\"widget\" data-widget_type=\"text-editor.default\"><div class=\"elementor-widget-container\"><div class=\"elementor-text-editor elementor-clearfix\"><p><strong>1989 \u2013 1993<br \/><\/strong><strong>Praktika<\/strong> u.a. zur:<br \/>Museumsarbeit in der Kunsthalle Stiftung Henri Nannen in Emden<br \/><br \/>Ausgrabung, Dokumentation und Inventarisierung von arch\u00e4ologischen Bodenfunden im R\u00f6misch-Germanischen Museum K\u00f6ln<br \/><br \/>Restaurierung von Wandmalereien und Steinobjekten bei Restaurator G. Maul, K\u00f6ln und in der Restaurierungswerkstatt des Rheinischen Amtes f\u00fcr Denkmalpflege in der Brauweiler<br \/><br \/><\/p><\/div><\/div><\/div><div class=\"elementor-element elementor-element-1305bc8 elementor-widget elementor-widget-text-editor is-mac\" data-id=\"1305bc8\" data-element_type=\"widget\" data-widget_type=\"text-editor.default\"><div class=\"elementor-widget-container\"><div class=\"elementor-text-editor elementor-clearfix\"><p><strong>1993 \u2013 1996<br \/><\/strong><strong>Volontariat<\/strong> in der Restaurierungswerkstatt f\u00fcr Wandmalerei und Stein des Rheinischen Amtes f\u00fcr Denkmalpflege in Brauweiler<\/p><p><strong>Mitarbeit<\/strong> an verschiedenen Projekten des Rheinischen Amtes f\u00fcr Denkmalpflege, des Restaurators G. Maul und Dipl. Restaurators T. Lehmkuhl zur Restaurierung und Konservierung von Wandmalereien, Steinobjekten, Mosaiken, Stuckarbeiten und wissenschaftlichen Befunduntersuchungen<\/p><\/div><\/div><\/div><div class=\"elementor-element elementor-element-34f4dd8 elementor-widget elementor-widget-text-editor is-mac\" data-id=\"34f4dd8\" data-element_type=\"widget\" data-widget_type=\"text-editor.default\"><div class=\"elementor-widget-container\"><div class=\"elementor-text-editor elementor-clearfix\"><p><strong>03\/1995<br \/><\/strong><strong>Mitarbeit<\/strong> in der Restaurierungswerkstatt M. Peron in Tradate, Italien<\/p><\/div><\/div><\/div><div class=\"elementor-element elementor-element-bd6c296 elementor-widget elementor-widget-text-editor is-mac\" data-id=\"bd6c296\" data-element_type=\"widget\" data-widget_type=\"text-editor.default\"><div class=\"elementor-widget-container\"><div class=\"elementor-text-editor elementor-clearfix\"><p><strong>09\/1996 \u2013 04\/2000<br \/>Studium<\/strong> der Restaurierung und Konservierung von Kunst und Kulturgut, Fachrichtung Wandmalereien und Objekte aus Stein an der Fachhochschule K\u00f6ln<\/p><\/div><\/div><\/div><div class=\"elementor-element elementor-element-54b9ddf elementor-widget elementor-widget-text-editor is-mac\" data-id=\"54b9ddf\" data-element_type=\"widget\" data-widget_type=\"text-editor.default\"><div class=\"elementor-widget-container\"><div class=\"elementor-text-editor elementor-clearfix\"><p><strong>04\/2000<br \/><\/strong><strong>Diplompr\u00fcfung <\/strong>an der Fachhochschule K\u00f6ln im Fachbereich Konservierung und Restaurierung von Kunst und Kulturgut, Thema der\u00a0 Diplomarbeit: Zur Problematik der \u00dcbertragung und Pr\u00e4sentation r\u00f6mischer\u00a0 Wandmalereifragmente aus Vichten, Luxemburg: Untersuchung \u2013 Technologie \u2013 Konzepterstellung<\/p><\/div><\/div><\/div><div class=\"elementor-element elementor-element-48fd2fa elementor-widget elementor-widget-text-editor is-mac\" data-id=\"48fd2fa\" data-element_type=\"widget\" data-widget_type=\"text-editor.default\"><div class=\"elementor-widget-container\"><div class=\"elementor-text-editor elementor-clearfix\"><p><strong>1996 \u2013 2000<br \/><\/strong><strong>Mitarbeit<br \/><\/strong>an Projekten der Restaurierungswerkstatt des Rheinischen Amtes f\u00fcr Denkmalpflege zur Restaurierung mittelalterlicher Wandmalereien in St. Clemens und Maria in Schwarzdorf und St. Georg, Frauenberg<\/p><p>in der Restaurierungswerkstatt des Nationalmuseums Kopenhagen, D\u00e4nemark \u2013 Restaurierung der mittelalterlichen Gew\u00f6lbeausmalung der Kirche in Birker\u00f6d<\/p><p>an der Restaurierung und Konservierung arch\u00e4ologischer Bodenfunde aus Stein und Terracotta in Milet (T\u00fcrkei) f\u00fcr das arch\u00e4ologische Institut der Universit\u00e4t Bochum<\/p><p>an einem Projekt zur wissenschaftlichen Dokumentation mittelalterlicher Spolien aus den romanischen Altstadtkirchen K\u00f6lns<\/p><\/div><\/div><\/div><\/div><\/div><\/div><\/section><div class=\"elementor-element elementor-element-26d6b9a elementor-widget-divider--view-line elementor-widget elementor-widget-divider is-mac\" data-id=\"26d6b9a\" data-element_type=\"widget\" data-widget_type=\"divider.default\"><div class=\"elementor-widget-container\"><div class=\"elementor-divider\">\u00a0<\/div><\/div><\/div><\/div>\n\t\t\t\t<\/div>\n\t\t\t\t\t\t\t<div class=\"elementor-toggle-item\">\n\t\t\t\t\t<div id=\"elementor-tab-title-1262\" class=\"elementor-tab-title\" data-tab=\"2\" role=\"tab\" aria-controls=\"elementor-tab-content-1262\" aria-expanded=\"false\">\n\t\t\t\t\t\t\t\t\t\t\t\t<span class=\"elementor-toggle-icon elementor-toggle-icon-left\" aria-hidden=\"true\">\n\t\t\t\t\t\t\t\t\t\t\t\t\t\t\t<span class=\"elementor-toggle-icon-closed\"><i class=\"fas fa-caret-right\"><\/i><\/span>\n\t\t\t\t\t\t\t\t<span class=\"elementor-toggle-icon-opened\"><i class=\"elementor-toggle-icon-opened fas fa-caret-up\"><\/i><\/span>\n\t\t\t\t\t\t\t\t\t\t\t\t\t<\/span>\n\t\t\t\t\t\t\t\t\t\t\t\t<a href=\"\" class=\"elementor-toggle-title\">Freiberufliche T\u00e4tigkeit<\/a>\n\t\t\t\t\t<\/div>\n\n\t\t\t\t\t<div id=\"elementor-tab-content-1262\" class=\"elementor-tab-content elementor-clearfix\" data-tab=\"2\" role=\"tabpanel\" aria-labelledby=\"elementor-tab-title-1262\"><p><strong>seit 2000<br \/><\/strong><strong>Projektleitung:<\/strong> Untersuchung, Konservierung und Restaurierung alt\u00e4gyptischer Wandmalereien, Steinobjekte und Grabausstattung der Grabkammer des Neferhotep (TT 49) in Theben, \u00c4gypten, Auftraggeber: Universidad de Tucum\u00e1n, Argentinien in Zusammenarbeit mit dem Supreme Council of Antiquities, Pressesprecherin des gemeinn\u00fctzigen Vereins Neferhotep e.V.<\/p><p><strong>selbstst\u00e4ndige T\u00e4tigkeit<\/strong> im Atelier f\u00fcr Konservierung, K\u00f6ln (siehe Referenzen)<br \/><br \/><strong>seit 2003<br \/><\/strong>Lehrauftrag an der Bergischen Universit\u00e4t Wuppertal, Fachbereich Gestaltungstechnik zu historischen Techniken der Wanddekoration<br \/><br \/><strong>2004<br \/><\/strong>Mitarbeit: Konservierung und Restaurierung des barocken Deckengem\u00e4ldes G.B. Tiepolos und der Stuckaturen A. Bossis im Treppenhaus der Residenz zu W\u00fcrzburg<br \/><br \/><strong>seit 2005<br \/>Forschungsprojekte<br \/><\/strong>Wiederlesbarmachung alt\u00e4gyptischer Darstellungen zu ihrer Interpretation. Entwicklung neuer Methoden zur Oberfl\u00e4chenreinigung repr\u00e4sentativ am Beispiel der Grabkammer des Neferhotep Theben, gef\u00f6rdert durch die Gerda Henkel Stiftung<\/p><p>Zur Wiedergewinnung alt\u00e4gyptischer Wandmalerei. Methoden \u00e4gyptologischer Forschung und ihre Auswirkung am Beispiel der Tempelwand in der Grabkammer des Neferhotep, Theben, gef\u00f6rdert durch die Gerda Henkel Stiftung<\/p><p>CTT \u2013 Conservation of Theban Temples and Tombs, gef\u00f6rdert durch die Gerda Henkel Stiftung<\/p><p>Modellhafte Konservierung von umweltgesch\u00e4digtem Kalktuff, DBU- Projekt, Herkulesgrotte Worms<\/p><\/div>\n\t\t\t\t<\/div>\n\t\t\t\t\t\t\t<div class=\"elementor-toggle-item\">\n\t\t\t\t\t<div id=\"elementor-tab-title-1263\" class=\"elementor-tab-title\" data-tab=\"3\" role=\"tab\" aria-controls=\"elementor-tab-content-1263\" aria-expanded=\"false\">\n\t\t\t\t\t\t\t\t\t\t\t\t<span class=\"elementor-toggle-icon elementor-toggle-icon-left\" aria-hidden=\"true\">\n\t\t\t\t\t\t\t\t\t\t\t\t\t\t\t<span class=\"elementor-toggle-icon-closed\"><i class=\"fas fa-caret-right\"><\/i><\/span>\n\t\t\t\t\t\t\t\t<span class=\"elementor-toggle-icon-opened\"><i class=\"elementor-toggle-icon-opened fas fa-caret-up\"><\/i><\/span>\n\t\t\t\t\t\t\t\t\t\t\t\t\t<\/span>\n\t\t\t\t\t\t\t\t\t\t\t\t<a href=\"\" class=\"elementor-toggle-title\">Sprachkenntnisse<\/a>\n\t\t\t\t\t<\/div>\n\n\t\t\t\t\t<div id=\"elementor-tab-content-1263\" class=\"elementor-tab-content elementor-clearfix\" data-tab=\"3\" role=\"tabpanel\" aria-labelledby=\"elementor-tab-title-1263\"><p>flie\u00dfend Italienisch (schriftlich und m\u00fcndlich), Englisch, Franz\u00f6sisch<\/p><\/div>\n\t\t\t\t<\/div>\n\t\t\t\t\t\t\t\t<\/div>\n\t\t\t\t<\/div>\n\t\t\t\t<\/div>\n\t\t\t\t\t<\/div>\n\t\t<\/div>\n\t\t\t\t\t\t\t<\/div>\n\t\t<\/section>\n\t\t\t\t\t<\/div>\n\t\t<\/div>\n\t\t\t\t<div class=\"elementor-column elementor-col-25 elementor-top-column elementor-element elementor-element-394e3ff\" data-id=\"394e3ff\" data-element_type=\"column\">\n\t\t\t<div class=\"elementor-widget-wrap\">\n\t\t\t\t\t\t\t\t\t<\/div>\n\t\t<\/div>\n\t\t\t\t\t\t\t<\/div>\n\t\t<\/section>\n\t\t\t\t\t\t\t<\/div>\n\t\t","protected":false},"excerpt":{"rendered":"<p>\u00dcber uns Seit dem Jahr 2000 arbeiten wir eng mit der Denkmalpflege Nordrhein-Westfalen, Rheinland-Pfalz, Hessen und Bayern sowie privaten, kirchlichen und staatlichen Auftraggebern zusammen. Im Rahmen von Forschungsprojekten leisten wir einen Beitrag zur Optimierung und Neuentwicklung von Methoden der Restaurierung und Konservierung und erarbeiten neue Kenntnisse zu historischen Werkverfahren und Materialien. Einen Schwerpunkt bildet die\u00a0Laserreinigung [&hellip;]<\/p>\n","protected":false},"author":1,"featured_media":0,"parent":0,"menu_order":0,"comment_status":"closed","ping_status":"closed","template":"full-width.php","meta":{"footnotes":""},"class_list":["post-11","page","type-page","status-publish","hentry"],"acf":[],"aioseo_notices":[],"_links":{"self":[{"href":"http:\/\/kunstrestaurierung.de\/index.php?rest_route=\/wp\/v2\/pages\/11","targetHints":{"allow":["GET"]}}],"collection":[{"href":"http:\/\/kunstrestaurierung.de\/index.php?rest_route=\/wp\/v2\/pages"}],"about":[{"href":"http:\/\/kunstrestaurierung.de\/index.php?rest_route=\/wp\/v2\/types\/page"}],"author":[{"embeddable":true,"href":"http:\/\/kunstrestaurierung.de\/index.php?rest_route=\/wp\/v2\/users\/1"}],"replies":[{"embeddable":true,"href":"http:\/\/kunstrestaurierung.de\/index.php?rest_route=%2Fwp%2Fv2%2Fcomments&post=11"}],"version-history":[{"count":130,"href":"http:\/\/kunstrestaurierung.de\/index.php?rest_route=\/wp\/v2\/pages\/11\/revisions"}],"predecessor-version":[{"id":514,"href":"http:\/\/kunstrestaurierung.de\/index.php?rest_route=\/wp\/v2\/pages\/11\/revisions\/514"}],"wp:attachment":[{"href":"http:\/\/kunstrestaurierung.de\/index.php?rest_route=%2Fwp%2Fv2%2Fmedia&parent=11"}],"curies":[{"name":"wp","href":"https:\/\/api.w.org\/{rel}","templated":true}]}}